{"id":565,"date":"2022-02-14T11:41:47","date_gmt":"2022-02-14T11:41:47","guid":{"rendered":"https:\/\/www.foerdervereinbv.de\/?page_id=565"},"modified":"2022-05-10T08:26:17","modified_gmt":"2022-05-10T08:26:17","slug":"newsletter","status":"publish","type":"page","link":"https:\/\/www.foerdervereinbv.de\/index.php\/newsletter\/","title":{"rendered":"Newsletter"},"content":{"rendered":"\t\t<div data-elementor-type=\"wp-page\" data-elementor-id=\"565\" class=\"elementor elementor-565\">\n\t\t\t\t\t\t\t\t\t<section class=\"elementor-section elementor-top-section elementor-element elementor-element-72aa43cb elementor-section-boxed elementor-section-height-default elementor-section-height-default\" data-id=\"72aa43cb\" data-element_type=\"section\" id=\"news\" data-settings=\"{&quot;background_background&quot;:&quot;classic&quot;}\">\n\t\t\t\t\t\t<div class=\"elementor-container elementor-column-gap-default\">\n\t\t\t\t\t<div class=\"elementor-column elementor-col-100 elementor-top-column elementor-element elementor-element-46b997e6\" data-id=\"46b997e6\" data-element_type=\"column\">\n\t\t\t<div class=\"elementor-widget-wrap elementor-element-populated\">\n\t\t\t\t\t\t\t\t<div class=\"elementor-element elementor-element-5f926932 elementor-widget elementor-widget-heading\" data-id=\"5f926932\" data-element_type=\"widget\" data-widget_type=\"heading.default\">\n\t\t\t\t<div class=\"elementor-widget-container\">\n\t\t\t<style>\/*! elementor - v3.6.5 - 27-04-2022 *\/\n.elementor-heading-title{padding:0;margin:0;line-height:1}.elementor-widget-heading .elementor-heading-title[class*=elementor-size-]>a{color:inherit;font-size:inherit;line-height:inherit}.elementor-widget-heading .elementor-heading-title.elementor-size-small{font-size:15px}.elementor-widget-heading .elementor-heading-title.elementor-size-medium{font-size:19px}.elementor-widget-heading .elementor-heading-title.elementor-size-large{font-size:29px}.elementor-widget-heading .elementor-heading-title.elementor-size-xl{font-size:39px}.elementor-widget-heading .elementor-heading-title.elementor-size-xxl{font-size:59px}<\/style><h1 class=\"elementor-heading-title elementor-size-default\"><b>News &amp; Aktuelles <\/b><\/h1>\t\t<\/div>\n\t\t\t\t<\/div>\n\t\t\t\t<div class=\"elementor-element elementor-element-5eff197d elementor-grid-eael-col-2 elementor-grid-tablet-eael-col-2 elementor-grid-mobile-eael-col-1 elementor-widget elementor-widget-eael-post-grid\" data-id=\"5eff197d\" data-element_type=\"widget\" data-settings=\"{&quot;eael_post_grid_columns&quot;:&quot;eael-col-2&quot;,&quot;eael_post_grid_columns_tablet&quot;:&quot;eael-col-2&quot;,&quot;eael_post_grid_columns_mobile&quot;:&quot;eael-col-1&quot;}\" data-widget_type=\"eael-post-grid.default\">\n\t\t\t\t<div class=\"elementor-widget-container\">\n\t\t\t<div id=\"eael-post-grid-5eff197d\" class=\"eael-post-grid-container\">\n            <div class=\"eael-post-grid eael-post-appender eael-post-appender-5eff197d eael-post-grid-style-default\" data-layout-mode=\"grid\"><article class=\"eael-grid-post eael-post-grid-column\" data-id=\"937\">\n        <div class=\"eael-grid-post-holder\">\n            <div class=\"eael-grid-post-holder-inner\"><div class=\"eael-entry-media\"><div class=\"eael-entry-overlay fade-in\"><i class=\"fas fa-long-arrow-alt-right\" aria-hidden=\"true\"><\/i><a href=\"https:\/\/www.foerdervereinbv.de\/index.php\/2022\/11\/17\/newsletter-nr-16\/\"><\/a><\/div><div class=\"eael-entry-thumbnail\">\n                <img loading=\"lazy\" decoding=\"async\" width=\"1045\" height=\"561\" src=\"https:\/\/www.foerdervereinbv.de\/wp-content\/uploads\/2022\/11\/Theaterpreis.jpg\" class=\"attachment-full size-full\" alt=\"\" srcset=\"https:\/\/www.foerdervereinbv.de\/wp-content\/uploads\/2022\/11\/Theaterpreis.jpg 1045w, https:\/\/www.foerdervereinbv.de\/wp-content\/uploads\/2022\/11\/Theaterpreis-300x161.jpg 300w, https:\/\/www.foerdervereinbv.de\/wp-content\/uploads\/2022\/11\/Theaterpreis-1024x550.jpg 1024w, https:\/\/www.foerdervereinbv.de\/wp-content\/uploads\/2022\/11\/Theaterpreis-768x412.jpg 768w\" sizes=\"auto, (max-width: 1045px) 100vw, 1045px\" \/>\n            <\/div>\n        <\/div><div class=\"eael-entry-wrapper\"><header class=\"eael-entry-header\"><h2 class=\"eael-entry-title\"><a\n                        class=\"eael-grid-post-link\"\n                        href=\"https:\/\/www.foerdervereinbv.de\/index.php\/2022\/11\/17\/newsletter-nr-16\/\"\n                        title=\"Newsletter Nr. 16\">Newsletter Nr. 16<\/a><\/h2><\/header><div class=\"eael-entry-content\">\n                        <div class=\"eael-grid-post-excerpt\"><p>Newsletter Nr. 16 Liebe Freunde und Fo\u0308rderer des Balletts Vorpommern: Wir freuen uns, Ihnen heute den sechzehnten Newsletter des F\u00f6rdervereins BallettVorpommern zusenden zu k\u00f6nnen. Es geht um den Theaterball und die Verleihung der Theaterprese, die Premiere des Balletts \u201eGilgamesch\u201c und...<\/p><a\n                            href=\"https:\/\/www.foerdervereinbv.de\/index.php\/2022\/11\/17\/newsletter-nr-16\/\"\n                            class=\"eael-post-elements-readmore-btn\">Jetzt lesen &gt;<\/a><\/div>\n                    <\/div><div class=\"eael-entry-footer\"><div class=\"eael-entry-meta\"><\/div><\/div><\/div><\/div>\n        <\/div>\n    <\/article><article class=\"eael-grid-post eael-post-grid-column\" data-id=\"839\">\n        <div class=\"eael-grid-post-holder\">\n            <div class=\"eael-grid-post-holder-inner\"><div class=\"eael-entry-media\"><div class=\"eael-entry-overlay fade-in\"><i class=\"fas fa-long-arrow-alt-right\" aria-hidden=\"true\"><\/i><a href=\"https:\/\/www.foerdervereinbv.de\/index.php\/2022\/03\/14\/newsletter-nr-15\/\"><\/a><\/div><div class=\"eael-entry-thumbnail\">\n                <img loading=\"lazy\" decoding=\"async\" width=\"1200\" height=\"800\" src=\"https:\/\/www.foerdervereinbv.de\/wp-content\/uploads\/2022\/03\/picture-0046.jpg\" class=\"attachment-full size-full\" alt=\"\" srcset=\"https:\/\/www.foerdervereinbv.de\/wp-content\/uploads\/2022\/03\/picture-0046.jpg 1200w, https:\/\/www.foerdervereinbv.de\/wp-content\/uploads\/2022\/03\/picture-0046-300x200.jpg 300w, https:\/\/www.foerdervereinbv.de\/wp-content\/uploads\/2022\/03\/picture-0046-1024x683.jpg 1024w, https:\/\/www.foerdervereinbv.de\/wp-content\/uploads\/2022\/03\/picture-0046-768x512.jpg 768w\" sizes=\"auto, (max-width: 1200px) 100vw, 1200px\" \/>\n            <\/div>\n        <\/div><div class=\"eael-entry-wrapper\"><header class=\"eael-entry-header\"><h2 class=\"eael-entry-title\"><a\n                        class=\"eael-grid-post-link\"\n                        href=\"https:\/\/www.foerdervereinbv.de\/index.php\/2022\/03\/14\/newsletter-nr-15\/\"\n                        title=\"Newsletter Nr. 15\">Newsletter Nr. 15<\/a><\/h2><\/header><div class=\"eael-entry-content\">\n                        <div class=\"eael-grid-post-excerpt\"><p>Newsletter Nr. 15 Liebe Freunde und Fo\u0308rderer des Balletts Vorpommern: Es sind schwierige Zeiten \u2013 gerade hat man den Eindruck, dass die Pandemie sich halbwegs abk\u00fchlt, wird die Ukraine heimt\u00fcckisch \u00fcberfallen. Auch der Vorstand des F\u00f6rder\u00advereines BallettVorpommern verurteilt diesen sinnlosen...<\/p><a\n                            href=\"https:\/\/www.foerdervereinbv.de\/index.php\/2022\/03\/14\/newsletter-nr-15\/\"\n                            class=\"eael-post-elements-readmore-btn\">Jetzt lesen &gt;<\/a><\/div>\n                    <\/div><div class=\"eael-entry-footer\"><div class=\"eael-entry-meta\"><\/div><\/div><\/div><\/div>\n        <\/div>\n    <\/article><article class=\"eael-grid-post eael-post-grid-column\" data-id=\"716\">\n        <div class=\"eael-grid-post-holder\">\n            <div class=\"eael-grid-post-holder-inner\"><div class=\"eael-entry-media\"><div class=\"eael-entry-overlay fade-in\"><i class=\"fas fa-long-arrow-alt-right\" aria-hidden=\"true\"><\/i><a href=\"https:\/\/www.foerdervereinbv.de\/index.php\/2021\/09\/20\/newsletter-nr-14\/\"><\/a><\/div><div class=\"eael-entry-thumbnail\">\n                <img loading=\"lazy\" decoding=\"async\" width=\"2560\" height=\"1707\" src=\"https:\/\/www.foerdervereinbv.de\/wp-content\/uploads\/2022\/02\/11-scaled.jpg\" class=\"attachment-full size-full\" alt=\"\" srcset=\"https:\/\/www.foerdervereinbv.de\/wp-content\/uploads\/2022\/02\/11-scaled.jpg 2560w, https:\/\/www.foerdervereinbv.de\/wp-content\/uploads\/2022\/02\/11-300x200.jpg 300w, https:\/\/www.foerdervereinbv.de\/wp-content\/uploads\/2022\/02\/11-1024x683.jpg 1024w, https:\/\/www.foerdervereinbv.de\/wp-content\/uploads\/2022\/02\/11-768x512.jpg 768w, https:\/\/www.foerdervereinbv.de\/wp-content\/uploads\/2022\/02\/11-1536x1024.jpg 1536w, https:\/\/www.foerdervereinbv.de\/wp-content\/uploads\/2022\/02\/11-2048x1365.jpg 2048w, https:\/\/www.foerdervereinbv.de\/wp-content\/uploads\/2022\/02\/11-1200x800.jpg 1200w, https:\/\/www.foerdervereinbv.de\/wp-content\/uploads\/2022\/02\/11-1980x1320.jpg 1980w\" sizes=\"auto, (max-width: 2560px) 100vw, 2560px\" \/>\n            <\/div>\n        <\/div><div class=\"eael-entry-wrapper\"><header class=\"eael-entry-header\"><h2 class=\"eael-entry-title\"><a\n                        class=\"eael-grid-post-link\"\n                        href=\"https:\/\/www.foerdervereinbv.de\/index.php\/2021\/09\/20\/newsletter-nr-14\/\"\n                        title=\"Newsletter Nr. 14\">Newsletter Nr. 14<\/a><\/h2><\/header><div class=\"eael-entry-content\">\n                        <div class=\"eael-grid-post-excerpt\"><p>Newsletter Nr. 14 Liebe Freunde und Fo\u0308rderer des Balletts Vorpommern: Und wieder ist die Zeit geflogen, aber wir freuen uns, Ihnen den nunmehr vierzehnten Newsletter des Fo\u0308rdervereins BallettVorpommern zusenden zu ko\u0308nnen. Es geht u.a. um die Premiere von \u201eDebussy\/Gershwin\u201c, die...<\/p><a\n                            href=\"https:\/\/www.foerdervereinbv.de\/index.php\/2021\/09\/20\/newsletter-nr-14\/\"\n                            class=\"eael-post-elements-readmore-btn\">Jetzt lesen &gt;<\/a><\/div>\n                    <\/div><div class=\"eael-entry-footer\"><div class=\"eael-entry-meta\"><\/div><\/div><\/div><\/div>\n        <\/div>\n    <\/article><article class=\"eael-grid-post eael-post-grid-column\" data-id=\"710\">\n        <div class=\"eael-grid-post-holder\">\n            <div class=\"eael-grid-post-holder-inner\"><div class=\"eael-entry-media\"><div class=\"eael-entry-overlay fade-in\"><i class=\"fas fa-long-arrow-alt-right\" aria-hidden=\"true\"><\/i><a href=\"https:\/\/www.foerdervereinbv.de\/index.php\/2020\/07\/30\/newsletter-nr-13\/\"><\/a><\/div><div class=\"eael-entry-thumbnail\">\n                <img loading=\"lazy\" decoding=\"async\" width=\"2400\" height=\"814\" src=\"https:\/\/www.foerdervereinbv.de\/wp-content\/uploads\/2022\/02\/teaser2.jpg\" class=\"attachment-full size-full\" alt=\"\" srcset=\"https:\/\/www.foerdervereinbv.de\/wp-content\/uploads\/2022\/02\/teaser2.jpg 2400w, https:\/\/www.foerdervereinbv.de\/wp-content\/uploads\/2022\/02\/teaser2-300x102.jpg 300w, https:\/\/www.foerdervereinbv.de\/wp-content\/uploads\/2022\/02\/teaser2-1024x347.jpg 1024w, https:\/\/www.foerdervereinbv.de\/wp-content\/uploads\/2022\/02\/teaser2-768x260.jpg 768w, https:\/\/www.foerdervereinbv.de\/wp-content\/uploads\/2022\/02\/teaser2-1536x521.jpg 1536w, https:\/\/www.foerdervereinbv.de\/wp-content\/uploads\/2022\/02\/teaser2-2048x695.jpg 2048w, https:\/\/www.foerdervereinbv.de\/wp-content\/uploads\/2022\/02\/teaser2-1200x407.jpg 1200w, https:\/\/www.foerdervereinbv.de\/wp-content\/uploads\/2022\/02\/teaser2-1980x672.jpg 1980w\" sizes=\"auto, (max-width: 2400px) 100vw, 2400px\" \/>\n            <\/div>\n        <\/div><div class=\"eael-entry-wrapper\"><header class=\"eael-entry-header\"><h2 class=\"eael-entry-title\"><a\n                        class=\"eael-grid-post-link\"\n                        href=\"https:\/\/www.foerdervereinbv.de\/index.php\/2020\/07\/30\/newsletter-nr-13\/\"\n                        title=\"Newsletter Nr. 13\">Newsletter Nr. 13<\/a><\/h2><\/header><div class=\"eael-entry-content\">\n                        <div class=\"eael-grid-post-excerpt\"><p>Newsletter Nr. 13 Liebe Freunde und Fo\u0308rderer des Balletts Vorpommern: Es ist leider etwas Zeit ins Land gegangen, aber wir freuen uns, Ihnen den nunmehr dreizehnten Newsletter des Fo\u0308rdervereins BallettVorpommern zusenden zu ko\u0308nnen. Es geht um die Premiere von \u201eOthello\u201c,...<\/p><a\n                            href=\"https:\/\/www.foerdervereinbv.de\/index.php\/2020\/07\/30\/newsletter-nr-13\/\"\n                            class=\"eael-post-elements-readmore-btn\">Jetzt lesen &gt;<\/a><\/div>\n                    <\/div><div class=\"eael-entry-footer\"><div class=\"eael-entry-meta\"><\/div><\/div><\/div><\/div>\n        <\/div>\n    <\/article><article class=\"eael-grid-post eael-post-grid-column\" data-id=\"704\">\n        <div class=\"eael-grid-post-holder\">\n            <div class=\"eael-grid-post-holder-inner\"><div class=\"eael-entry-media\"><div class=\"eael-entry-overlay fade-in\"><i class=\"fas fa-long-arrow-alt-right\" aria-hidden=\"true\"><\/i><a href=\"https:\/\/www.foerdervereinbv.de\/index.php\/2019\/11\/05\/newsletter-nr-12\/\"><\/a><\/div><div class=\"eael-entry-thumbnail\">\n                <img loading=\"lazy\" decoding=\"async\" width=\"2353\" height=\"690\" src=\"https:\/\/www.foerdervereinbv.de\/wp-content\/uploads\/2022\/02\/teaser3.jpg\" class=\"attachment-full size-full\" alt=\"\" srcset=\"https:\/\/www.foerdervereinbv.de\/wp-content\/uploads\/2022\/02\/teaser3.jpg 2353w, https:\/\/www.foerdervereinbv.de\/wp-content\/uploads\/2022\/02\/teaser3-300x88.jpg 300w, https:\/\/www.foerdervereinbv.de\/wp-content\/uploads\/2022\/02\/teaser3-1024x300.jpg 1024w, https:\/\/www.foerdervereinbv.de\/wp-content\/uploads\/2022\/02\/teaser3-768x225.jpg 768w, https:\/\/www.foerdervereinbv.de\/wp-content\/uploads\/2022\/02\/teaser3-1536x450.jpg 1536w, https:\/\/www.foerdervereinbv.de\/wp-content\/uploads\/2022\/02\/teaser3-2048x601.jpg 2048w, https:\/\/www.foerdervereinbv.de\/wp-content\/uploads\/2022\/02\/teaser3-1200x352.jpg 1200w, https:\/\/www.foerdervereinbv.de\/wp-content\/uploads\/2022\/02\/teaser3-1980x581.jpg 1980w\" sizes=\"auto, (max-width: 2353px) 100vw, 2353px\" \/>\n            <\/div>\n        <\/div><div class=\"eael-entry-wrapper\"><header class=\"eael-entry-header\"><h2 class=\"eael-entry-title\"><a\n                        class=\"eael-grid-post-link\"\n                        href=\"https:\/\/www.foerdervereinbv.de\/index.php\/2019\/11\/05\/newsletter-nr-12\/\"\n                        title=\"Newsletter Nr. 12\">Newsletter Nr. 12<\/a><\/h2><\/header><div class=\"eael-entry-content\">\n                        <div class=\"eael-grid-post-excerpt\"><p>Newsletter Nr. 12 Liebe Freunde und Fo\u0308rderer des Balletts Vorpommern: Wir freuen uns, Ihnen den nunmehr zwo\u0308lften Newsletter des Fo\u0308rdervereins BallettVorpommern zusenden zu ko\u0308nnen. Es geht um eine erneute Ru\u0308ckschau auf die \u201eTanzzeit\u201c, den Exklusivabend, das Sommerfest und die Premiere...<\/p><a\n                            href=\"https:\/\/www.foerdervereinbv.de\/index.php\/2019\/11\/05\/newsletter-nr-12\/\"\n                            class=\"eael-post-elements-readmore-btn\">Jetzt lesen &gt;<\/a><\/div>\n                    <\/div><div class=\"eael-entry-footer\"><div class=\"eael-entry-meta\"><\/div><\/div><\/div><\/div>\n        <\/div>\n    <\/article><article class=\"eael-grid-post eael-post-grid-column\" data-id=\"690\">\n        <div class=\"eael-grid-post-holder\">\n            <div class=\"eael-grid-post-holder-inner\"><div class=\"eael-entry-media\"><div class=\"eael-entry-overlay fade-in\"><i class=\"fas fa-long-arrow-alt-right\" aria-hidden=\"true\"><\/i><a href=\"https:\/\/www.foerdervereinbv.de\/index.php\/2019\/07\/15\/newsletter-nr-11\/\"><\/a><\/div><div class=\"eael-entry-thumbnail\">\n                <img loading=\"lazy\" decoding=\"async\" width=\"2400\" height=\"786\" src=\"https:\/\/www.foerdervereinbv.de\/wp-content\/uploads\/2022\/02\/teaser5.jpg\" class=\"attachment-full size-full\" alt=\"\" srcset=\"https:\/\/www.foerdervereinbv.de\/wp-content\/uploads\/2022\/02\/teaser5.jpg 2400w, https:\/\/www.foerdervereinbv.de\/wp-content\/uploads\/2022\/02\/teaser5-300x98.jpg 300w, https:\/\/www.foerdervereinbv.de\/wp-content\/uploads\/2022\/02\/teaser5-1024x335.jpg 1024w, https:\/\/www.foerdervereinbv.de\/wp-content\/uploads\/2022\/02\/teaser5-768x252.jpg 768w, https:\/\/www.foerdervereinbv.de\/wp-content\/uploads\/2022\/02\/teaser5-1536x503.jpg 1536w, https:\/\/www.foerdervereinbv.de\/wp-content\/uploads\/2022\/02\/teaser5-2048x671.jpg 2048w, https:\/\/www.foerdervereinbv.de\/wp-content\/uploads\/2022\/02\/teaser5-1200x393.jpg 1200w, https:\/\/www.foerdervereinbv.de\/wp-content\/uploads\/2022\/02\/teaser5-1980x648.jpg 1980w\" sizes=\"auto, (max-width: 2400px) 100vw, 2400px\" \/>\n            <\/div>\n        <\/div><div class=\"eael-entry-wrapper\"><header class=\"eael-entry-header\"><h2 class=\"eael-entry-title\"><a\n                        class=\"eael-grid-post-link\"\n                        href=\"https:\/\/www.foerdervereinbv.de\/index.php\/2019\/07\/15\/newsletter-nr-11\/\"\n                        title=\"Newsletter Nr. 11\">Newsletter Nr. 11<\/a><\/h2><\/header><div class=\"eael-entry-content\">\n                        <div class=\"eael-grid-post-excerpt\"><p>Newsletter Nr. 11 Liebe Freunde und Fo\u0308rderer des Balletts Vorpommern: Wir freuen uns, Ihnen den nunmehr elften Newsletter des Fo\u0308rdervereins BallettVorpommern zusenden zu ko\u0308nnen. Es geht um die diesja\u0308hrige \u201eTanzzeit\u201c und um die Vorausschau auf \u201eJesus Christ Superstar\u201c. Weiterhin weisen...<\/p><a\n                            href=\"https:\/\/www.foerdervereinbv.de\/index.php\/2019\/07\/15\/newsletter-nr-11\/\"\n                            class=\"eael-post-elements-readmore-btn\">Jetzt lesen &gt;<\/a><\/div>\n                    <\/div><div class=\"eael-entry-footer\"><div class=\"eael-entry-meta\"><\/div><\/div><\/div><\/div>\n        <\/div>\n    <\/article><article class=\"eael-grid-post eael-post-grid-column\" data-id=\"682\">\n        <div class=\"eael-grid-post-holder\">\n            <div class=\"eael-grid-post-holder-inner\"><div class=\"eael-entry-media\"><div class=\"eael-entry-overlay fade-in\"><i class=\"fas fa-long-arrow-alt-right\" aria-hidden=\"true\"><\/i><a href=\"https:\/\/www.foerdervereinbv.de\/index.php\/2019\/02\/07\/10\/\"><\/a><\/div><div class=\"eael-entry-thumbnail\">\n                <img loading=\"lazy\" decoding=\"async\" width=\"2400\" height=\"617\" src=\"https:\/\/www.foerdervereinbv.de\/wp-content\/uploads\/2022\/02\/teaser6.jpg\" class=\"attachment-full size-full\" alt=\"\" srcset=\"https:\/\/www.foerdervereinbv.de\/wp-content\/uploads\/2022\/02\/teaser6.jpg 2400w, https:\/\/www.foerdervereinbv.de\/wp-content\/uploads\/2022\/02\/teaser6-300x77.jpg 300w, https:\/\/www.foerdervereinbv.de\/wp-content\/uploads\/2022\/02\/teaser6-1024x263.jpg 1024w, https:\/\/www.foerdervereinbv.de\/wp-content\/uploads\/2022\/02\/teaser6-768x197.jpg 768w, https:\/\/www.foerdervereinbv.de\/wp-content\/uploads\/2022\/02\/teaser6-1536x395.jpg 1536w, https:\/\/www.foerdervereinbv.de\/wp-content\/uploads\/2022\/02\/teaser6-2048x527.jpg 2048w, https:\/\/www.foerdervereinbv.de\/wp-content\/uploads\/2022\/02\/teaser6-1200x309.jpg 1200w, https:\/\/www.foerdervereinbv.de\/wp-content\/uploads\/2022\/02\/teaser6-1980x509.jpg 1980w\" sizes=\"auto, (max-width: 2400px) 100vw, 2400px\" \/>\n            <\/div>\n        <\/div><div class=\"eael-entry-wrapper\"><header class=\"eael-entry-header\"><h2 class=\"eael-entry-title\"><a\n                        class=\"eael-grid-post-link\"\n                        href=\"https:\/\/www.foerdervereinbv.de\/index.php\/2019\/02\/07\/10\/\"\n                        title=\"Newsletter Nr. 10\u200b\">Newsletter Nr. 10\u200b<\/a><\/h2><\/header><div class=\"eael-entry-content\">\n                        <div class=\"eael-grid-post-excerpt\"><p>Newsletter Nr. 10 Liebe Freunde und Fo\u0308rderer des Balletts Vorpommern: Wir freuen uns, Ihnen den nunmehr zehnten Newsletter des Fo\u0308rdervereins BallettVorpommern zusenden zu ko\u0308nnen. Es geht um die Premiere fu\u0308r \u201eDer Besuch\u201c und um die Beschlu\u0308sse der Mitgliederversammlung im Dezember...<\/p><a\n                            href=\"https:\/\/www.foerdervereinbv.de\/index.php\/2019\/02\/07\/10\/\"\n                            class=\"eael-post-elements-readmore-btn\">Jetzt lesen &gt;<\/a><\/div>\n                    <\/div><div class=\"eael-entry-footer\"><div class=\"eael-entry-meta\"><\/div><\/div><\/div><\/div>\n        <\/div>\n    <\/article><article class=\"eael-grid-post eael-post-grid-column\" data-id=\"669\">\n        <div class=\"eael-grid-post-holder\">\n            <div class=\"eael-grid-post-holder-inner\"><div class=\"eael-entry-media\"><div class=\"eael-entry-overlay fade-in\"><i class=\"fas fa-long-arrow-alt-right\" aria-hidden=\"true\"><\/i><a href=\"https:\/\/www.foerdervereinbv.de\/index.php\/2018\/08\/15\/newsletter-9\/\"><\/a><\/div><div class=\"eael-entry-thumbnail\">\n                <img loading=\"lazy\" decoding=\"async\" width=\"2400\" height=\"791\" src=\"https:\/\/www.foerdervereinbv.de\/wp-content\/uploads\/2022\/02\/teaser7.jpg\" class=\"attachment-full size-full\" alt=\"\" srcset=\"https:\/\/www.foerdervereinbv.de\/wp-content\/uploads\/2022\/02\/teaser7.jpg 2400w, https:\/\/www.foerdervereinbv.de\/wp-content\/uploads\/2022\/02\/teaser7-300x99.jpg 300w, https:\/\/www.foerdervereinbv.de\/wp-content\/uploads\/2022\/02\/teaser7-1024x337.jpg 1024w, https:\/\/www.foerdervereinbv.de\/wp-content\/uploads\/2022\/02\/teaser7-768x253.jpg 768w, https:\/\/www.foerdervereinbv.de\/wp-content\/uploads\/2022\/02\/teaser7-1536x506.jpg 1536w, https:\/\/www.foerdervereinbv.de\/wp-content\/uploads\/2022\/02\/teaser7-2048x675.jpg 2048w, https:\/\/www.foerdervereinbv.de\/wp-content\/uploads\/2022\/02\/teaser7-1200x396.jpg 1200w, https:\/\/www.foerdervereinbv.de\/wp-content\/uploads\/2022\/02\/teaser7-1980x653.jpg 1980w\" sizes=\"auto, (max-width: 2400px) 100vw, 2400px\" \/>\n            <\/div>\n        <\/div><div class=\"eael-entry-wrapper\"><header class=\"eael-entry-header\"><h2 class=\"eael-entry-title\"><a\n                        class=\"eael-grid-post-link\"\n                        href=\"https:\/\/www.foerdervereinbv.de\/index.php\/2018\/08\/15\/newsletter-9\/\"\n                        title=\"Newsletter Nr. 9\">Newsletter Nr. 9<\/a><\/h2><\/header><div class=\"eael-entry-content\">\n                        <div class=\"eael-grid-post-excerpt\"><p>Newsletter Nr. 9 Liebe Freunde und Fo\u0308rderer des Balletts Vorpommern: In den vergangenen Wochen und Monaten ist eine ganze Menge passiert, so dass es wieder Zeit wird fu\u0308r einen Newsletter. Es geht um den Theaterpakt, um den Exklusivabend fu\u0308r Fo\u0308rdermitglieder...<\/p><a\n                            href=\"https:\/\/www.foerdervereinbv.de\/index.php\/2018\/08\/15\/newsletter-9\/\"\n                            class=\"eael-post-elements-readmore-btn\">Jetzt lesen &gt;<\/a><\/div>\n                    <\/div><div class=\"eael-entry-footer\"><div class=\"eael-entry-meta\"><\/div><\/div><\/div><\/div>\n        <\/div>\n    <\/article><article class=\"eael-grid-post eael-post-grid-column\" data-id=\"650\">\n        <div class=\"eael-grid-post-holder\">\n            <div class=\"eael-grid-post-holder-inner\"><div class=\"eael-entry-media\"><div class=\"eael-entry-overlay fade-in\"><i class=\"fas fa-long-arrow-alt-right\" aria-hidden=\"true\"><\/i><a href=\"https:\/\/www.foerdervereinbv.de\/index.php\/2018\/08\/12\/newsletter-8\/\"><\/a><\/div><div class=\"eael-entry-thumbnail\">\n                <img loading=\"lazy\" decoding=\"async\" width=\"2307\" height=\"759\" src=\"https:\/\/www.foerdervereinbv.de\/wp-content\/uploads\/2022\/02\/teaser8.jpg\" class=\"attachment-full size-full\" alt=\"\" srcset=\"https:\/\/www.foerdervereinbv.de\/wp-content\/uploads\/2022\/02\/teaser8.jpg 2307w, https:\/\/www.foerdervereinbv.de\/wp-content\/uploads\/2022\/02\/teaser8-300x99.jpg 300w, https:\/\/www.foerdervereinbv.de\/wp-content\/uploads\/2022\/02\/teaser8-1024x337.jpg 1024w, https:\/\/www.foerdervereinbv.de\/wp-content\/uploads\/2022\/02\/teaser8-768x253.jpg 768w, https:\/\/www.foerdervereinbv.de\/wp-content\/uploads\/2022\/02\/teaser8-1536x505.jpg 1536w, https:\/\/www.foerdervereinbv.de\/wp-content\/uploads\/2022\/02\/teaser8-2048x674.jpg 2048w, https:\/\/www.foerdervereinbv.de\/wp-content\/uploads\/2022\/02\/teaser8-1200x395.jpg 1200w, https:\/\/www.foerdervereinbv.de\/wp-content\/uploads\/2022\/02\/teaser8-1980x651.jpg 1980w\" sizes=\"auto, (max-width: 2307px) 100vw, 2307px\" \/>\n            <\/div>\n        <\/div><div class=\"eael-entry-wrapper\"><header class=\"eael-entry-header\"><h2 class=\"eael-entry-title\"><a\n                        class=\"eael-grid-post-link\"\n                        href=\"https:\/\/www.foerdervereinbv.de\/index.php\/2018\/08\/12\/newsletter-8\/\"\n                        title=\"Newsletter Nr. 8\">Newsletter Nr. 8<\/a><\/h2><\/header><div class=\"eael-entry-content\">\n                        <div class=\"eael-grid-post-excerpt\"><p>Newsletter Nr. 8 Liebe Freunde und Fo\u0308rderer des Balletts Vorpommern: Dem BallettVorpommern stehen einige Vera\u0308nderungen ins Haus. Eine ganze Anzahl von Ta\u0308nzerinnen und Ta\u0308nzer verlassen die Compagnie, vor allem wegen weiterer Karriereschritte in anderen Ha\u0308usern. Entprechend werden neue, junge Talente...<\/p><a\n                            href=\"https:\/\/www.foerdervereinbv.de\/index.php\/2018\/08\/12\/newsletter-8\/\"\n                            class=\"eael-post-elements-readmore-btn\">Jetzt lesen &gt;<\/a><\/div>\n                    <\/div><div class=\"eael-entry-footer\"><div class=\"eael-entry-meta\"><\/div><\/div><\/div><\/div>\n        <\/div>\n    <\/article><article class=\"eael-grid-post eael-post-grid-column\" data-id=\"640\">\n        <div class=\"eael-grid-post-holder\">\n            <div class=\"eael-grid-post-holder-inner\"><div class=\"eael-entry-media\"><div class=\"eael-entry-overlay fade-in\"><i class=\"fas fa-long-arrow-alt-right\" aria-hidden=\"true\"><\/i><a href=\"https:\/\/www.foerdervereinbv.de\/index.php\/2018\/02\/12\/newsletter-7\/\"><\/a><\/div><div class=\"eael-entry-thumbnail\">\n                <img loading=\"lazy\" decoding=\"async\" width=\"2560\" height=\"879\" src=\"https:\/\/www.foerdervereinbv.de\/wp-content\/uploads\/2022\/02\/teaser9-scaled.jpg\" class=\"attachment-full size-full\" alt=\"\" srcset=\"https:\/\/www.foerdervereinbv.de\/wp-content\/uploads\/2022\/02\/teaser9-scaled.jpg 2560w, https:\/\/www.foerdervereinbv.de\/wp-content\/uploads\/2022\/02\/teaser9-300x103.jpg 300w, https:\/\/www.foerdervereinbv.de\/wp-content\/uploads\/2022\/02\/teaser9-1024x352.jpg 1024w, https:\/\/www.foerdervereinbv.de\/wp-content\/uploads\/2022\/02\/teaser9-768x264.jpg 768w, https:\/\/www.foerdervereinbv.de\/wp-content\/uploads\/2022\/02\/teaser9-1536x527.jpg 1536w, https:\/\/www.foerdervereinbv.de\/wp-content\/uploads\/2022\/02\/teaser9-2048x703.jpg 2048w, https:\/\/www.foerdervereinbv.de\/wp-content\/uploads\/2022\/02\/teaser9-1200x412.jpg 1200w, https:\/\/www.foerdervereinbv.de\/wp-content\/uploads\/2022\/02\/teaser9-1980x680.jpg 1980w\" sizes=\"auto, (max-width: 2560px) 100vw, 2560px\" \/>\n            <\/div>\n        <\/div><div class=\"eael-entry-wrapper\"><header class=\"eael-entry-header\"><h2 class=\"eael-entry-title\"><a\n                        class=\"eael-grid-post-link\"\n                        href=\"https:\/\/www.foerdervereinbv.de\/index.php\/2018\/02\/12\/newsletter-7\/\"\n                        title=\"Newsletter Nr. 7\">Newsletter Nr. 7<\/a><\/h2><\/header><div class=\"eael-entry-content\">\n                        <div class=\"eael-grid-post-excerpt\"><p>Newsletter Nr. 7 Liebe Freunde und Fo\u0308rderer des Balletts Vorpommern: Das BallettVorpommern hat u\u0308ber die Feiertage hart arbeiten mu\u0308ssen \u2013 die Weihnachtstage und die Zeit bis Neujahr sind fu\u0308r das Theater Vorpommern Hochsaison mit gro\u0308\u00dftenteils ausverkauften Vorstellungen. Nach nur kurzer...<\/p><a\n                            href=\"https:\/\/www.foerdervereinbv.de\/index.php\/2018\/02\/12\/newsletter-7\/\"\n                            class=\"eael-post-elements-readmore-btn\">Jetzt lesen &gt;<\/a><\/div>\n                    <\/div><div class=\"eael-entry-footer\"><div class=\"eael-entry-meta\"><\/div><\/div><\/div><\/div>\n        <\/div>\n    <\/article><article class=\"eael-grid-post eael-post-grid-column\" data-id=\"635\">\n        <div class=\"eael-grid-post-holder\">\n            <div class=\"eael-grid-post-holder-inner\"><div class=\"eael-entry-media\"><div class=\"eael-entry-overlay fade-in\"><i class=\"fas fa-long-arrow-alt-right\" aria-hidden=\"true\"><\/i><a href=\"https:\/\/www.foerdervereinbv.de\/index.php\/2017\/12\/06\/newsletter-6\/\"><\/a><\/div><div class=\"eael-entry-thumbnail\">\n                <img loading=\"lazy\" decoding=\"async\" width=\"2560\" height=\"1026\" src=\"https:\/\/www.foerdervereinbv.de\/wp-content\/uploads\/2022\/02\/teaser10-scaled.jpg\" class=\"attachment-full size-full\" alt=\"\" srcset=\"https:\/\/www.foerdervereinbv.de\/wp-content\/uploads\/2022\/02\/teaser10-scaled.jpg 2560w, https:\/\/www.foerdervereinbv.de\/wp-content\/uploads\/2022\/02\/teaser10-300x120.jpg 300w, https:\/\/www.foerdervereinbv.de\/wp-content\/uploads\/2022\/02\/teaser10-1024x411.jpg 1024w, https:\/\/www.foerdervereinbv.de\/wp-content\/uploads\/2022\/02\/teaser10-768x308.jpg 768w, https:\/\/www.foerdervereinbv.de\/wp-content\/uploads\/2022\/02\/teaser10-1536x616.jpg 1536w, https:\/\/www.foerdervereinbv.de\/wp-content\/uploads\/2022\/02\/teaser10-2048x821.jpg 2048w, https:\/\/www.foerdervereinbv.de\/wp-content\/uploads\/2022\/02\/teaser10-1200x481.jpg 1200w, https:\/\/www.foerdervereinbv.de\/wp-content\/uploads\/2022\/02\/teaser10-1980x794.jpg 1980w\" sizes=\"auto, (max-width: 2560px) 100vw, 2560px\" \/>\n            <\/div>\n        <\/div><div class=\"eael-entry-wrapper\"><header class=\"eael-entry-header\"><h2 class=\"eael-entry-title\"><a\n                        class=\"eael-grid-post-link\"\n                        href=\"https:\/\/www.foerdervereinbv.de\/index.php\/2017\/12\/06\/newsletter-6\/\"\n                        title=\"Newsletter Nr. 6\">Newsletter Nr. 6<\/a><\/h2><\/header><div class=\"eael-entry-content\">\n                        <div class=\"eael-grid-post-excerpt\"><p>Newsletter Nr. 6 Liebe Freunde und Fo\u0308rderer des Balletts Vorpommern: Das Jahr 2017 steht im Zeichen des 20-ja\u0308hrigen Bestehens des BallettsVorpommern in seiner jetzigen Form, aber auch 20 Jahre erfolgreiche Leitung durch den Ballettdirektor Ralf Do\u0308rnen. Der dafu\u0308r vom Fo\u0308rderverein...<\/p><a\n                            href=\"https:\/\/www.foerdervereinbv.de\/index.php\/2017\/12\/06\/newsletter-6\/\"\n                            class=\"eael-post-elements-readmore-btn\">Jetzt lesen &gt;<\/a><\/div>\n                    <\/div><div class=\"eael-entry-footer\"><div class=\"eael-entry-meta\"><\/div><\/div><\/div><\/div>\n        <\/div>\n    <\/article><article class=\"eael-grid-post eael-post-grid-column\" data-id=\"626\">\n        <div class=\"eael-grid-post-holder\">\n            <div class=\"eael-grid-post-holder-inner\"><div class=\"eael-entry-media\"><div class=\"eael-entry-overlay fade-in\"><i class=\"fas fa-long-arrow-alt-right\" aria-hidden=\"true\"><\/i><a href=\"https:\/\/www.foerdervereinbv.de\/index.php\/2017\/05\/31\/newsletter-5\/\"><\/a><\/div><div class=\"eael-entry-thumbnail\">\n                <img loading=\"lazy\" decoding=\"async\" width=\"2560\" height=\"769\" src=\"https:\/\/www.foerdervereinbv.de\/wp-content\/uploads\/2022\/02\/teaser13-scaled.jpg\" class=\"attachment-full size-full\" alt=\"\" srcset=\"https:\/\/www.foerdervereinbv.de\/wp-content\/uploads\/2022\/02\/teaser13-scaled.jpg 2560w, https:\/\/www.foerdervereinbv.de\/wp-content\/uploads\/2022\/02\/teaser13-300x90.jpg 300w, https:\/\/www.foerdervereinbv.de\/wp-content\/uploads\/2022\/02\/teaser13-1024x308.jpg 1024w, https:\/\/www.foerdervereinbv.de\/wp-content\/uploads\/2022\/02\/teaser13-768x231.jpg 768w, https:\/\/www.foerdervereinbv.de\/wp-content\/uploads\/2022\/02\/teaser13-1536x461.jpg 1536w, https:\/\/www.foerdervereinbv.de\/wp-content\/uploads\/2022\/02\/teaser13-2048x615.jpg 2048w, https:\/\/www.foerdervereinbv.de\/wp-content\/uploads\/2022\/02\/teaser13-1200x360.jpg 1200w, https:\/\/www.foerdervereinbv.de\/wp-content\/uploads\/2022\/02\/teaser13-1980x595.jpg 1980w\" sizes=\"auto, (max-width: 2560px) 100vw, 2560px\" \/>\n            <\/div>\n        <\/div><div class=\"eael-entry-wrapper\"><header class=\"eael-entry-header\"><h2 class=\"eael-entry-title\"><a\n                        class=\"eael-grid-post-link\"\n                        href=\"https:\/\/www.foerdervereinbv.de\/index.php\/2017\/05\/31\/newsletter-5\/\"\n                        title=\"Newsletter Nr. 5\">Newsletter Nr. 5<\/a><\/h2><\/header><div class=\"eael-entry-content\">\n                        <div class=\"eael-grid-post-excerpt\"><p>Newsletter Nr. 5 Liebe Freunde und Fo\u0308rderer des Balletts Vorpommern: Zum Beginn des Sommers mo\u0308chten wir Ihnen hiermit wieder einen Newsletter des Vereins zusenden. Die Theatersaison geht langsam ihrem Ende zu, im Rahmen des Hafenfestivals wird das BallettVorpommern jedoch die...<\/p><a\n                            href=\"https:\/\/www.foerdervereinbv.de\/index.php\/2017\/05\/31\/newsletter-5\/\"\n                            class=\"eael-post-elements-readmore-btn\">Jetzt lesen &gt;<\/a><\/div>\n                    <\/div><div class=\"eael-entry-footer\"><div class=\"eael-entry-meta\"><\/div><\/div><\/div><\/div>\n        <\/div>\n    <\/article><article class=\"eael-grid-post eael-post-grid-column\" data-id=\"613\">\n        <div class=\"eael-grid-post-holder\">\n            <div class=\"eael-grid-post-holder-inner\"><div class=\"eael-entry-media\"><div class=\"eael-entry-overlay fade-in\"><i class=\"fas fa-long-arrow-alt-right\" aria-hidden=\"true\"><\/i><a href=\"https:\/\/www.foerdervereinbv.de\/index.php\/2017\/03\/01\/newsletter-4\/\"><\/a><\/div><div class=\"eael-entry-thumbnail\">\n                <img loading=\"lazy\" decoding=\"async\" width=\"2560\" height=\"1707\" src=\"https:\/\/www.foerdervereinbv.de\/wp-content\/uploads\/2022\/02\/MG_2486-scaled.jpg\" class=\"attachment-full size-full\" alt=\"\" srcset=\"https:\/\/www.foerdervereinbv.de\/wp-content\/uploads\/2022\/02\/MG_2486-scaled.jpg 2560w, https:\/\/www.foerdervereinbv.de\/wp-content\/uploads\/2022\/02\/MG_2486-300x200.jpg 300w, https:\/\/www.foerdervereinbv.de\/wp-content\/uploads\/2022\/02\/MG_2486-1024x683.jpg 1024w, https:\/\/www.foerdervereinbv.de\/wp-content\/uploads\/2022\/02\/MG_2486-768x512.jpg 768w, https:\/\/www.foerdervereinbv.de\/wp-content\/uploads\/2022\/02\/MG_2486-1536x1024.jpg 1536w, https:\/\/www.foerdervereinbv.de\/wp-content\/uploads\/2022\/02\/MG_2486-2048x1365.jpg 2048w, https:\/\/www.foerdervereinbv.de\/wp-content\/uploads\/2022\/02\/MG_2486-1200x800.jpg 1200w, https:\/\/www.foerdervereinbv.de\/wp-content\/uploads\/2022\/02\/MG_2486-1980x1320.jpg 1980w\" sizes=\"auto, (max-width: 2560px) 100vw, 2560px\" \/>\n            <\/div>\n        <\/div><div class=\"eael-entry-wrapper\"><header class=\"eael-entry-header\"><h2 class=\"eael-entry-title\"><a\n                        class=\"eael-grid-post-link\"\n                        href=\"https:\/\/www.foerdervereinbv.de\/index.php\/2017\/03\/01\/newsletter-4\/\"\n                        title=\"Newsletter Nr. 4\">Newsletter Nr. 4<\/a><\/h2><\/header><div class=\"eael-entry-content\">\n                        <div class=\"eael-grid-post-excerpt\"><p>Newsletter Nr. 4 Liebe Freunde und Fo\u0308rderer des Balletts Vorpommern: Das Jahr geht schon in den dritten Monat und wir senden Ihnen hiermit wieder einen Newsletter des Vereins. Der Verein hat seine Ta\u0308tigkeit erfolgreich weiter fortgesetzt und das Ballett-ensemble nach...<\/p><a\n                            href=\"https:\/\/www.foerdervereinbv.de\/index.php\/2017\/03\/01\/newsletter-4\/\"\n                            class=\"eael-post-elements-readmore-btn\">Jetzt lesen &gt;<\/a><\/div>\n                    <\/div><div class=\"eael-entry-footer\"><div class=\"eael-entry-meta\"><\/div><\/div><\/div><\/div>\n        <\/div>\n    <\/article><article class=\"eael-grid-post eael-post-grid-column\" data-id=\"597\">\n        <div class=\"eael-grid-post-holder\">\n            <div class=\"eael-grid-post-holder-inner\"><div class=\"eael-entry-media\"><div class=\"eael-entry-overlay fade-in\"><i class=\"fas fa-long-arrow-alt-right\" aria-hidden=\"true\"><\/i><a href=\"https:\/\/www.foerdervereinbv.de\/index.php\/2016\/10\/13\/newsletter-3\/\"><\/a><\/div><div class=\"eael-entry-thumbnail\">\n                <img loading=\"lazy\" decoding=\"async\" width=\"2560\" height=\"1707\" src=\"https:\/\/www.foerdervereinbv.de\/wp-content\/uploads\/2022\/02\/MG_3052-scaled.jpg\" class=\"attachment-full size-full\" alt=\"\" srcset=\"https:\/\/www.foerdervereinbv.de\/wp-content\/uploads\/2022\/02\/MG_3052-scaled.jpg 2560w, https:\/\/www.foerdervereinbv.de\/wp-content\/uploads\/2022\/02\/MG_3052-300x200.jpg 300w, https:\/\/www.foerdervereinbv.de\/wp-content\/uploads\/2022\/02\/MG_3052-1024x683.jpg 1024w, https:\/\/www.foerdervereinbv.de\/wp-content\/uploads\/2022\/02\/MG_3052-768x512.jpg 768w, https:\/\/www.foerdervereinbv.de\/wp-content\/uploads\/2022\/02\/MG_3052-1536x1024.jpg 1536w, https:\/\/www.foerdervereinbv.de\/wp-content\/uploads\/2022\/02\/MG_3052-2048x1365.jpg 2048w, https:\/\/www.foerdervereinbv.de\/wp-content\/uploads\/2022\/02\/MG_3052-1200x800.jpg 1200w, https:\/\/www.foerdervereinbv.de\/wp-content\/uploads\/2022\/02\/MG_3052-1980x1320.jpg 1980w\" sizes=\"auto, (max-width: 2560px) 100vw, 2560px\" \/>\n            <\/div>\n        <\/div><div class=\"eael-entry-wrapper\"><header class=\"eael-entry-header\"><h2 class=\"eael-entry-title\"><a\n                        class=\"eael-grid-post-link\"\n                        href=\"https:\/\/www.foerdervereinbv.de\/index.php\/2016\/10\/13\/newsletter-3\/\"\n                        title=\"Newsletter Nr. 3\">Newsletter Nr. 3<\/a><\/h2><\/header><div class=\"eael-entry-content\">\n                        <div class=\"eael-grid-post-excerpt\"><p>Newsletter Nr. 3 Liebe Freunde und Fo\u0308rderer des Balletts Vorpommern: Aufgrund einer erfreulichen Nachricht erhalten Sie einen aktuellen Newsletter des Vereins. Kulturpreis des Landes Mecklenburg-Vorpommern Wie gerade bekannt wurde, geht der diesja\u0308hrige Kulturpreis des Landes Mecklenburg Vorpommern an den Ballettmeister...<\/p><a\n                            href=\"https:\/\/www.foerdervereinbv.de\/index.php\/2016\/10\/13\/newsletter-3\/\"\n                            class=\"eael-post-elements-readmore-btn\">Jetzt lesen &gt;<\/a><\/div>\n                    <\/div><div class=\"eael-entry-footer\"><div class=\"eael-entry-meta\"><\/div><\/div><\/div><\/div>\n        <\/div>\n    <\/article><article class=\"eael-grid-post eael-post-grid-column\" data-id=\"389\">\n        <div class=\"eael-grid-post-holder\">\n            <div class=\"eael-grid-post-holder-inner\"><div class=\"eael-entry-media\"><div class=\"eael-entry-overlay fade-in\"><i class=\"fas fa-long-arrow-alt-right\" aria-hidden=\"true\"><\/i><a href=\"https:\/\/www.foerdervereinbv.de\/index.php\/2016\/09\/03\/newsletter-2\/\"><\/a><\/div><div class=\"eael-entry-thumbnail\">\n                <img loading=\"lazy\" decoding=\"async\" width=\"2560\" height=\"1707\" src=\"https:\/\/www.foerdervereinbv.de\/wp-content\/uploads\/2022\/02\/10-scaled.jpg\" class=\"attachment-full size-full\" alt=\"\" srcset=\"https:\/\/www.foerdervereinbv.de\/wp-content\/uploads\/2022\/02\/10-scaled.jpg 2560w, https:\/\/www.foerdervereinbv.de\/wp-content\/uploads\/2022\/02\/10-300x200.jpg 300w, https:\/\/www.foerdervereinbv.de\/wp-content\/uploads\/2022\/02\/10-1024x683.jpg 1024w, https:\/\/www.foerdervereinbv.de\/wp-content\/uploads\/2022\/02\/10-768x512.jpg 768w, https:\/\/www.foerdervereinbv.de\/wp-content\/uploads\/2022\/02\/10-1536x1024.jpg 1536w, https:\/\/www.foerdervereinbv.de\/wp-content\/uploads\/2022\/02\/10-2048x1365.jpg 2048w, https:\/\/www.foerdervereinbv.de\/wp-content\/uploads\/2022\/02\/10-1200x800.jpg 1200w, https:\/\/www.foerdervereinbv.de\/wp-content\/uploads\/2022\/02\/10-1980x1320.jpg 1980w\" sizes=\"auto, (max-width: 2560px) 100vw, 2560px\" \/>\n            <\/div>\n        <\/div><div class=\"eael-entry-wrapper\"><header class=\"eael-entry-header\"><h2 class=\"eael-entry-title\"><a\n                        class=\"eael-grid-post-link\"\n                        href=\"https:\/\/www.foerdervereinbv.de\/index.php\/2016\/09\/03\/newsletter-2\/\"\n                        title=\"Newsletter Nr. 2\">Newsletter Nr. 2<\/a><\/h2><\/header><div class=\"eael-entry-content\">\n                        <div class=\"eael-grid-post-excerpt\"><p>Newsletter Nr. 2 Liebe Freunde und Fo\u0308rderer des Balletts Vorpommern: Nach der Sommerpause fu\u0308r Ensemble und Fo\u0308rdermitglieder erhalten Sie hiermit den zweiten Newsletter des Vereins. Es hat einige Vera\u0308nderungen im Ensemble gegeben: Die drei Ta\u0308nzerinnen Marget Howard, Alicia Santamari\u0301a Jime\u0301nez...<\/p><a\n                            href=\"https:\/\/www.foerdervereinbv.de\/index.php\/2016\/09\/03\/newsletter-2\/\"\n                            class=\"eael-post-elements-readmore-btn\">Jetzt lesen &gt;<\/a><\/div>\n                    <\/div><div class=\"eael-entry-footer\"><div class=\"eael-entry-meta\"><\/div><\/div><\/div><\/div>\n        <\/div>\n    <\/article><article class=\"eael-grid-post eael-post-grid-column\" data-id=\"359\">\n        <div class=\"eael-grid-post-holder\">\n            <div class=\"eael-grid-post-holder-inner\"><div class=\"eael-entry-media\"><div class=\"eael-entry-overlay fade-in\"><i class=\"fas fa-long-arrow-alt-right\" aria-hidden=\"true\"><\/i><a href=\"https:\/\/www.foerdervereinbv.de\/index.php\/2016\/02\/10\/newsletter-1\/\"><\/a><\/div><div class=\"eael-entry-thumbnail\">\n                <img loading=\"lazy\" decoding=\"async\" width=\"2400\" height=\"1600\" src=\"https:\/\/www.foerdervereinbv.de\/wp-content\/uploads\/2022\/02\/5.jpg\" class=\"attachment-full size-full\" alt=\"\" srcset=\"https:\/\/www.foerdervereinbv.de\/wp-content\/uploads\/2022\/02\/5.jpg 2400w, https:\/\/www.foerdervereinbv.de\/wp-content\/uploads\/2022\/02\/5-300x200.jpg 300w, https:\/\/www.foerdervereinbv.de\/wp-content\/uploads\/2022\/02\/5-1024x683.jpg 1024w, https:\/\/www.foerdervereinbv.de\/wp-content\/uploads\/2022\/02\/5-768x512.jpg 768w, https:\/\/www.foerdervereinbv.de\/wp-content\/uploads\/2022\/02\/5-1536x1024.jpg 1536w, https:\/\/www.foerdervereinbv.de\/wp-content\/uploads\/2022\/02\/5-2048x1365.jpg 2048w, https:\/\/www.foerdervereinbv.de\/wp-content\/uploads\/2022\/02\/5-1200x800.jpg 1200w, https:\/\/www.foerdervereinbv.de\/wp-content\/uploads\/2022\/02\/5-1980x1320.jpg 1980w\" sizes=\"auto, (max-width: 2400px) 100vw, 2400px\" \/>\n            <\/div>\n        <\/div><div class=\"eael-entry-wrapper\"><header class=\"eael-entry-header\"><h2 class=\"eael-entry-title\"><a\n                        class=\"eael-grid-post-link\"\n                        href=\"https:\/\/www.foerdervereinbv.de\/index.php\/2016\/02\/10\/newsletter-1\/\"\n                        title=\"Newsletter Nr. 1\">Newsletter Nr. 1<\/a><\/h2><\/header><div class=\"eael-entry-content\">\n                        <div class=\"eael-grid-post-excerpt\"><p>Newsletter Nr. 1 Liebe Freunde und Fo\u0308rderer des Balletts Vorpommern: Wir mo\u0308chten mit diesen Mitteilungen ku\u0308nftig drei bis vier mal im Jahr u\u0308ber die Aktivita\u0308ten des Fo\u0308rdervereins BallettVorpommern berichten sowie die fo\u0308rdernden Mitglieder u\u0308ber aktuelle Entwicklungen im Ensemble informieren. Sie...<\/p><a\n                            href=\"https:\/\/www.foerdervereinbv.de\/index.php\/2016\/02\/10\/newsletter-1\/\"\n                            class=\"eael-post-elements-readmore-btn\">Jetzt lesen &gt;<\/a><\/div>\n                    <\/div><div class=\"eael-entry-footer\"><div class=\"eael-entry-meta\"><\/div><\/div><\/div><\/div>\n        <\/div>\n    <\/article><\/div>\n            <div class=\"clearfix\"><\/div>\n        <\/div>\t\t<\/div>\n\t\t\t\t<\/div>\n\t\t\t\t<div class=\"elementor-element elementor-element-1497dd7b elementor-widget elementor-widget-spacer\" data-id=\"1497dd7b\" data-element_type=\"widget\" data-widget_type=\"spacer.default\">\n\t\t\t\t<div class=\"elementor-widget-container\">\n\t\t\t<style>\/*! elementor - v3.6.5 - 27-04-2022 *\/\n.e-container.e-container--row .elementor-spacer-inner{width:var(--spacer-size)}.e-container.e-container--column .elementor-spacer-inner,.elementor-column .elementor-spacer-inner{height:var(--spacer-size)}<\/style>\t\t<div class=\"elementor-spacer\">\n\t\t\t<div class=\"elementor-spacer-inner\"><\/div>\n\t\t<\/div>\n\t\t\t\t<\/div>\n\t\t\t\t<\/div>\n\t\t\t\t\t<\/div>\n\t\t<\/div>\n\t\t\t\t\t\t\t<\/div>\n\t\t<\/section>\n\t\t\t\t\t\t\t<\/div>\n\t\t","protected":false},"excerpt":{"rendered":"<p>News &amp; Aktuelles Newsletter Nr. 15 Newsletter Nr. 15 Liebe Freunde und Fo\u0308rderer des Balletts Vorpommern: Es sind schwierige Zeiten \u2013 gerade hat man den Eindruck, dass die Pandemie sich halbwegs abk\u00fchlt, wird die Ukraine heimt\u00fcckisch \u00fcberfallen. Auch der Vorstand des F\u00f6rder\u00advereines BallettVorpommern verurteilt diesen sinnlosen&#8230; Jetzt lesen &gt; Newsletter Nr. 14 Newsletter Nr. 14 [&hellip;]<\/p>\n","protected":false},"author":2,"featured_media":0,"parent":0,"menu_order":0,"comment_status":"closed","ping_status":"closed","template":"elementor_header_footer","meta":{"footnotes":""},"class_list":["post-565","page","type-page","status-publish","hentry"],"_links":{"self":[{"href":"https:\/\/www.foerdervereinbv.de\/index.php\/wp-json\/wp\/v2\/pages\/565","targetHints":{"allow":["GET"]}}],"collection":[{"href":"https:\/\/www.foerdervereinbv.de\/index.php\/wp-json\/wp\/v2\/pages"}],"about":[{"href":"https:\/\/www.foerdervereinbv.de\/index.php\/wp-json\/wp\/v2\/types\/page"}],"author":[{"embeddable":true,"href":"https:\/\/www.foerdervereinbv.de\/index.php\/wp-json\/wp\/v2\/users\/2"}],"replies":[{"embeddable":true,"href":"https:\/\/www.foerdervereinbv.de\/index.php\/wp-json\/wp\/v2\/comments?post=565"}],"version-history":[{"count":22,"href":"https:\/\/www.foerdervereinbv.de\/index.php\/wp-json\/wp\/v2\/pages\/565\/revisions"}],"predecessor-version":[{"id":896,"href":"https:\/\/www.foerdervereinbv.de\/index.php\/wp-json\/wp\/v2\/pages\/565\/revisions\/896"}],"wp:attachment":[{"href":"https:\/\/www.foerdervereinbv.de\/index.php\/wp-json\/wp\/v2\/media?parent=565"}],"curies":[{"name":"wp","href":"https:\/\/api.w.org\/{rel}","templated":true}]}}